{"id":34,"date":"2018-02-10T16:56:23","date_gmt":"2018-02-10T16:56:23","guid":{"rendered":"https:\/\/stage.synergiedigitale.com\/reeal\/?page_id=34"},"modified":"2026-08-30T20:49:37","modified_gmt":"2026-08-30T20:49:37","slug":"trayectoria","status":"publish","type":"page","link":"https:\/\/javierfalco.com\/portfolio\/trayectoria\/","title":{"rendered":"Trayectoria"},"content":{"rendered":"<h4 style=\"text-align: center;\">\u00a0&#8220;<em>La emoci\u00f3n es el v\u00ednculo que favorece la comunicaci\u00f3n entre personas<\/em>&#8221; (Nazareth Castellanos)<\/h4>\n<p>&nbsp;<\/p>\n<p style=\"text-align: center;\"><strong>VERSI\u00d3N RESUMIDA<\/strong><\/p>\n<p style=\"padding-left: 10px; text-align: left;\">Javier Falc\u00f3 es un fot\u00f3grafo y director de documentales independiente, comprometido con la difusi\u00f3n de diversas realidades sociales, culturales y antropol\u00f3gicas. Sus trabajos m\u00e1s destacados ponen el foco en la desigualdad, la injusticia social o la memoria hist\u00f3rica. Realiza sus trabajos con una sensibilidad especial y siempre desde una mirada emocional y respetuosa.<\/p>\n<ul style=\"text-align: left;\">\n<li>En 2013 codirigi\u00f3 junto a <a href=\"http:\/\/www.cazurro.com\/\"><strong>Carlos Cazurro<\/strong><\/a> el corto \u201c<strong><a href=\"https:\/\/javierfalco.com\/portfolio\/el-cielo-es-nuestro-techo-documental\/\"><i>El cielo es nuestro techo<\/i><\/a><\/strong>\u201d, cuya tem\u00e1tica gira en torno a la desigualdad laboral de las mariscadoras de Cedeira en Galicia. Este cortometraje fue seleccionado entre otros, en el Festival de Cine de M\u00e1laga en 2018.<\/li>\n<li>En 2014 realiz\u00f3 su primer trabajo como director independiente con \u201c<strong><a href=\"https:\/\/javierfalco.com\/portfolio\/els-ultims-llops-marins\/\"><i>Els \u00faltims llops marins de l\u2019illa de Tabarca<\/i><\/a><\/strong>\u201d. Un corto documental sobre la p\u00e9rdida de patrimonio natural, con la extinci\u00f3n de las focas monje de la isla de Tabarca en 1939. Este corto fue seleccionado en la secci\u00f3n oficial del Festival Internacional de Cine Independiente de Elche.<\/li>\n<li>En 2015 realizo\u0301 el corto documental \u201c<strong><a href=\"https:\/\/javierfalco.com\/portfolio\/memorias-de-sidi-ifni\/\"><i>Memorias de Sidi Ifni<\/i><\/a><\/strong>\u201d, que se present\u00f3 en la casa de cultura de Estella (Navarra) y que fue seleccionado en la Octava Muestra de Cortometrajes Alicantinos. Un trabajo que pone de relieve la injusticia de un joven obligado a intervenir en la guerra de Sidi Ifni en 1954.<\/li>\n<li>En 2016 realiz\u00f3 el corto \u201c<a href=\"https:\/\/javierfalco.com\/portfolio\/hilaria\/\"><strong><em>Hilaria<\/em><\/strong><\/a>\u201d, sobre las costumbres de una octogenaria en un peque\u00f1o pueblo de la alcarria conquense.<\/li>\n<li>En 2019 realizo\u0301 el corto \u201c<em><strong><a href=\"https:\/\/javierfalco.com\/portfolio\/candelas-aguardiente-a-lena\/\">Candelas. Aguardiente a le\u00f1a<\/a><\/strong><\/em>\u201d. Corto seleccionado en el Festival Internacional Rural FilmFest sobre la elaboraci\u00f3n artesanal del aguardiente.<\/li>\n<li>En 2022 realiz\u00f3 uno de sus trabajos m\u00e1s relevantes, c\u00f3mo ha sido \u201c<a href=\"https:\/\/javierfalco.com\/portfolio\/la-caja-vacia\/\"><strong><i>La caja vac\u00eda<\/i><\/strong><\/a>\u201d, estrenado en los <strong><a href=\"https:\/\/www.visitelche.com\/evento\/cine-la-caja-vacia-cines-odeon-elx\/\">cines Ode\u00f3n de Elche <\/a><\/strong>y premiado como mejor documental en el <strong><a href=\"https:\/\/www.diputacionalicante.es\/noticias\/los-documentales-la-caja-vacia-y-el-pecio-bou-ferrer-de-la-vila-joiosa-ganan-los-premios-docs-alicante-del-gil-albert\/\">DOCS ALC 2022 (Diputaci\u00f3n de Alicante)<\/a><\/strong>. Documental que trata sobre los beb\u00e9s robados en Espa\u00f1a, consiguiendo varias selecciones oficiales en distintos festivales nacionales e internacionales. Se ha emitido por la televisi\u00f3n de Elche (<strong><a href=\"https:\/\/www.filmin.es\/pelicula\/la-caja-vacia\">Teleelx<\/a><\/strong>) y ha estado disponible en la plataforma de streaming <a href=\"https:\/\/www.filmin.es\/pelicula\/la-caja-vacia\"><strong>Filmin<\/strong><\/a>.<\/li>\n<li>En 2024 realiz\u00f3 el documental titulado \u201c<a href=\"https:\/\/javierfalco.com\/portfolio\/la-decision-de-joaquina\/\"><strong>La decisi\u00f3n de Joaquina<\/strong><\/a>\u201d, estrenado en los <strong><a href=\"https:\/\/cineslys.com\/val\/calendario\/la-decision-de-joaquina\/\">cines LYS de Valencia<\/a><\/strong>. Este documental narra una historia de lucha por los derechos humanos y las libertades, en la ciudad de Valencia con la eutanasia como trasfondo. Ha sido nominado en el festival de cine documental DOC ONLY de Copenhagen (Dinamarca), en el apartado de derechos humanos.<\/li>\n<li>En 2026 termina el documental &#8220;<a href=\"https:\/\/javierfalco.com\/portfolio\/esclerosis-mon-amour\/\"><strong>Esclerosis, mon amour<\/strong><\/a>&#8220;, sobre la historia de vida del periodista y escritor <strong>Andr\u00e9s Gonz\u00e1lez<\/strong>, y sus reflexiones acerca de la esclerosis m\u00faltiple que padece. El documental se ha estrenado en la <strong><a href=\"https:\/\/cultura.umh.es\/es\/2026\/05\/26\/esclerosis-mon-amour\/\">cinemateca de la Universidad Miguel Hern\u00e1ndez de Elche<\/a><\/strong>\u00a0y se ha emitido por la televisi\u00f3n de Elche (<strong><a href=\"https:\/\/teleelx.es\/2023\/02\/14\/teleelx-emite-a-las-22-15-horas-el-documental-la-caja-vacia-sobre-bebes-robados\/\">Teleelx<\/a><\/strong>).<\/li>\n<\/ul>\n<p>&nbsp;<\/p>\n<p><a href=\"https:\/\/javierfalco.com\/portfolio\/wp-content\/uploads\/2022\/10\/jf2.png\"><img loading=\"lazy\" decoding=\"async\" class=\"alignnone wp-image-7361 size-full\" title=\"Javier Falc\u00f3\" src=\"https:\/\/javierfalco.com\/portfolio\/wp-content\/uploads\/2022\/10\/jf2.png\" alt=\"Javier Falc\u00f3\" width=\"1200\" height=\"374\" srcset=\"https:\/\/javierfalco.com\/portfolio\/wp-content\/uploads\/2022\/10\/jf2.png 1200w, https:\/\/javierfalco.com\/portfolio\/wp-content\/uploads\/2022\/10\/jf2-300x94.png 300w, https:\/\/javierfalco.com\/portfolio\/wp-content\/uploads\/2022\/10\/jf2-1024x319.png 1024w, https:\/\/javierfalco.com\/portfolio\/wp-content\/uploads\/2022\/10\/jf2-768x239.png 768w, https:\/\/javierfalco.com\/portfolio\/wp-content\/uploads\/2022\/10\/jf2-640x199.png 640w, https:\/\/javierfalco.com\/portfolio\/wp-content\/uploads\/2022\/10\/jf2-705x220.png 705w\" sizes=\"auto, (max-width: 1200px) 100vw, 1200px\" \/><\/a><\/p>\n<p><span style=\"font-size: small;\">Fotograf\u00eda izquierda: Jos\u00e9 Dami\u00e1n Navarro Medina (Camag\u00fcey) \/ Fotograf\u00eda derecha: Luisa Llorca (Val\u00e8ncia)<\/span><\/p>\n<p>&nbsp;<\/p>\n<p style=\"text-align: center;\"><strong>VERSI\u00d3N EXTENDIDA<\/strong><\/p>\n<p style=\"padding-left: 10px; text-align: left;\">Empez\u00f3 a fotografiar en el 88 cuando compr\u00f3 su primera c\u00e1mara r\u00e9flex. La fotograf\u00eda de viajes, documental, cultural y de reportaje es la que m\u00e1s ha centrado su atenci\u00f3n.<\/p>\n<p style=\"padding-left: 10px; text-align: left;\">Ha publicado fotograf\u00edas en varios libros y revistas, adem\u00e1s de colaborar en el\u00a0primer dossier fotogr\u00e1fico enviado a la UNESCO para solicitar la declaraci\u00f3n\u00a0del Palmeral de Elche como Patrimonio de la Humanidad en 2000. En cuanto a exposiciones, ha participado en varias de manera colectiva y de manera individual con la <strong><a href=\"https:\/\/www.youtube.com\/watch?v=zGqQyI1xoZI\">exposici\u00f3n \u201c<em>El Pa\u00eds Bassari<\/em>\u201d en la Universidad Miguel Hern\u00e1ndez de Elche<\/a><\/strong>\u00a0y en la <strong><a href=\"http:\/\/www.javierfalco.com\/blog\/charla-y-exposicion-en-la-universidad-de-alicante\/\">Universidad de Alicante (C\u00e1tedra Jane Goodall)<\/a><\/strong>\u00a0en 2011 y 2012 respectivamente.<\/p>\n<p style=\"text-align: left; padding-left: 10px;\">En el \u00e1mbito de la producci\u00f3n audiovisual, ha codirigido y producido tres cortos documentales de una misma serie dedicados a las mariscadoras de Galicia junto a <a href=\"http:\/\/www.cazurro.com\/\"><strong>Carlos Cazurro<\/strong><\/a>, que iniciaron en 2013. El corto principal de esta serie \u201c<strong><a href=\"https:\/\/javierfalco.com\/portfolio\/el-cielo-es-nuestro-techo-documental\/\"><i>El cielo es nuestro techo<\/i><\/a><\/strong>\u201d fue seleccionado en el Festival de Cine de M\u00e1laga en 2018.<\/p>\n<p style=\"text-align: left; padding-left: 10px;\">Individualmente, su primer trabajo como director fue en 2014 con \u201c<strong><a href=\"https:\/\/javierfalco.com\/portfolio\/els-ultims-llops-marins\/\"><i>Els \u00faltims llops marins de l\u2019illa de Tabarca<\/i><\/a><\/strong>\u201d (<i>Las \u00faltimas focas monje de la isla de Tabarca<\/i>), un corto documental, seleccionado en la secci\u00f3n oficial del Festival Internacional de Cine Independiente de Elche de ese mismo a\u00f1o.<\/p>\n<p style=\"text-align: left; padding-left: 10px;\">En 2015 realiz\u00f3 el corto documental \u201c<strong><a href=\"https:\/\/javierfalco.com\/portfolio\/memorias-de-sidi-ifni\/\"><i>Memorias de Sidi Ifni<\/i><\/a><\/strong>\u201d que se present\u00f3 en la casa de cultura de Estella (Navarra) y que fue\u00a0seleccionado en\u00a0el III Certamen de Cortometrajes de Santa Pola 2015 y en la 8\u00aa Muestra de Cortometrajes Alicantinos.<\/p>\n<p style=\"text-align: left; padding-left: 10px;\">En 2016 dentro de los actos de la semana cultural de Albalate de las Nogueras (Cuenca), present\u00f3 y proyect\u00f3 el corto &#8220;<a href=\"https:\/\/javierfalco.com\/portfolio\/hilaria\/\"><strong><em>Hilaria<\/em><\/strong><\/a>&#8221; que realiz\u00f3 junto a <a href=\"https:\/\/www.instagram.com\/funkeluya\/?hl=es\"><strong>Javi Belda<\/strong><\/a> y <a href=\"http:\/\/www.ximofernandez.com\"><strong>Ximo Fern\u00e1ndez<\/strong><\/a>.<\/p>\n<p style=\"text-align: left; padding-left: 10px;\">De 2016 a 2019 estuvo realizando junto a otros compa\u00f1eros, diversas entrevistas a personalidades de Elche dentro de la serie &#8220;<em><strong><a href=\"https:\/\/javierfalco.com\/portfolio\/elche-historias-de-vida\/\">Elche, historias de vida<\/a><\/strong><\/em>&#8220;.<\/p>\n<p style=\"padding-left: 10px;\">En 2018 realiz\u00f3 el documental &#8220;<a href=\"https:\/\/javierfalco.com\/portfolio\/patricio-y-carmen-inseparables\/\"><strong>Patricio y Carmen<\/strong><\/a>&#8221; sobre la historia de su familia. Un documental privado de 73 minutos.<\/p>\n<p style=\"text-align: left; padding-left: 10px;\">En 2019 realiz\u00f3 el corto &#8220;<em><strong><a href=\"https:\/\/javierfalco.com\/portfolio\/candelas-aguardiente-a-lena\/\">Candelas. Aguardiente a le\u00f1a<\/a><\/strong>&#8221; <\/em>que fue seleccionado en el festival internacional de cine Rural FilmFest 2020. Ese mismo a\u00f1o fotografi\u00f3 y mont\u00f3, &#8220;<em><strong><a href=\"https:\/\/javierfalco.com\/portfolio\/de-siberia-al-mediterraneo\/\">De Siberia al Mediterr\u00e1neo<\/a><\/strong><\/em>&#8221; de Alejandro Falc\u00f3,\u00a0seleccionado y premiado en el Certamen Auton\u00f3mico de Cortos 2021 de Santa Pola.<\/p>\n<p style=\"text-align: left; padding-left: 10px;\">En 2020 tambi\u00e9n realiz\u00f3 el spot sobre joyer\u00eda artesanal, &#8220;<a href=\"https:\/\/javierfalco.com\/portfolio\/planb\/\"><strong><em>Plan B<\/em><\/strong><\/a>&#8221; junto a Alejandro Falc\u00f3.<\/p>\n<p style=\"text-align: left; padding-left: 10px;\">En 2022 realiz\u00f3 un documental de 60 minutos de duraci\u00f3n sobre beb\u00e9s robados en Espa\u00f1a, cuyo t\u00edtulo es &#8220;<a href=\"https:\/\/javierfalco.com\/portfolio\/la-caja-vacia\/\"><strong><i>La caja vac\u00eda<\/i><\/strong><\/a><i>&#8221; y que ha sido<\/i><strong><i>\u00a0<\/i><\/strong>estrenado en los <strong><a href=\"https:\/\/www.visitelche.com\/evento\/cine-la-caja-vacia-cines-odeon-elx\/\">cines Ode\u00f3n de\u00a0Elche<\/a><\/strong>. Tambi\u00e9n se ha proyectado (fuera del \u00e1mbito de los festivales en los que ha sido seleccionado) en el <strong><a href=\"https:\/\/www.culturaydeporte.gob.es\/mnantropologia\/gl\/actividades\/agenda\/2022\/la-caja-vacia.html\">Museo Nacional de Antropolog\u00eda<\/a><\/strong> en Madrid, en el\u00a0<a href=\"https:\/\/www.consorcimuseus.gva.es\/prensa\/el-centre-del-carme-estrena-el-premiat-documental-la-caja-vacia\/\"><strong>Centre del Carme Cultura Contempor\u00e0nia de Valencia<\/strong><\/a>, en el <strong><a href=\"https:\/\/www.diputacionalicante.es\/noticias\/el-adda-acoge-este-lunes-la-entrega-de-premios-docs-alicante-2022-a-los-dos-documentales-ganadores\/\">Auditorio de la Diputaci\u00f3n de Alicante (ADDA)<\/a><\/strong>, en la <strong><a href=\"https:\/\/web.ua.es\/es\/sedealicante\/documentos\/programa-de-actividades\/2022-2023\/dia-mundial-de-los-derechos-humanos-amnistia-internacional.pdf\">Sede Universitaria de la Universidad de Alicante<\/a><\/strong>, en los <strong><a href=\"https:\/\/cinesembajadores.es\/pelicula\/la-caja-vacia\/\">Cines Embajadores<\/a><\/strong> en Madrid, en <strong><a href=\"https:\/\/letno.dival.es\/es\/actividad\/cine\/proyeccion-documentales\">L&#8217;ETNO. Museu Valenci\u00e0 d&#8217;Etnologia<\/a><\/strong>, en la <strong><a href=\"https:\/\/www.uc3m.es\/ss\/Satellite\/INST-EstudiosGenero\/es\/TextoDosColumnas\/1371424076535\/?fbclid=IwY2xjawMPA9dleHRuA2FlbQIxMAABHtoV73OuNyIerV5GeKNCNRrG-8BBUh1fQ0vApmpl6E_KaZdwUdrYNTgzBsSw_aem_wU1sOsU69EU87DbFqWL2Sg\">Universidad Carlos III en Madrid<\/a><\/strong>, en la <a href=\"https:\/\/filmotecacantabria.es\/es\/ficha-pelicula\/?pelicula_id=1724&amp;filmoteca=4\"><strong>Filmoteca de Cantabria (Mario Camus) en Santander<\/strong><\/a>. Se ha emitido por la televisi\u00f3n de Elche (<strong><a href=\"https:\/\/teleelx.es\/2023\/02\/14\/teleelx-emite-a-las-22-15-horas-el-documental-la-caja-vacia-sobre-bebes-robados\/\">Teleelx<\/a><\/strong>) y ha estado disponible en la plataforma de streaming <a href=\"https:\/\/www.filmin.es\/pelicula\/la-caja-vacia\"><strong>Filmin<\/strong><\/a>.<\/p>\n<p style=\"text-align: left; padding-left: 10px;\">&#8220;<a href=\"https:\/\/javierfalco.com\/portfolio\/la-caja-vacia\/\"><strong><i>La caja vac\u00eda<\/i><\/strong><\/a><i>&#8220;<\/i> ha\u00a0ganado el certamen <a href=\"https:\/\/www.iacjuangilalbert.com\/premios-del-documental-alicantino-docs-alc\/\"><strong>DOCS ALC<\/strong><\/a> 2022 al mejor documental alicantino que impulsa el <a href=\"https:\/\/www.diputacionalicante.es\/noticias\/los-documentales-la-caja-vacia-y-el-pecio-bou-ferrer-de-la-vila-joiosa-ganan-los-premios-docs-alicante-del-gil-albert\/\"><strong>Instituto Juan Gil-Albert de la Diputaci\u00f3n Provincial de Alicante<\/strong>.<\/a>\u00a0 Ha conseguido una selecci\u00f3n oficial en XII Encuentro Hispanoamericano de Cine y Video Documental Independiente de M\u00e9xico\u00a0<strong><a href=\"https:\/\/www.contraelsilencio.org\">Contra el Silencio Todas las Voces<\/a>,\u00a0<\/strong>en el 16 Festival Internacional de Cine Documental de Uruguay <strong><a href=\"http:\/\/www.atlantidoc.com\/\">ATLANTIDOC,<\/a><\/strong>\u00a0en el\u00a0<a href=\"https:\/\/festivalccc.acicom.org\/\"><strong>VIII Festival Cinema Ciutad\u00e0 Comprom\u00e9s<\/strong><\/a> de Valencia, en la 14a Mostra Internacional De Cinema Documental De Montaverner <strong><a href=\"https:\/\/www.montaverner.es\/seccion\/mon-doc\">MON-DOC<\/a><\/strong> (Valencia), en VI edici\u00f3n del <strong><a href=\"https:\/\/www.mujerdoc.com\">Festival mujerDOC<\/a><\/strong> (Festival Internacional de Cine Documental sobre G\u00e9nero), en el certamen <a href=\"https:\/\/www.kursaalffss.com\"><strong>ERRONKA MUNDUAN (2023)<\/strong><\/a> del Kursaal Film Festival de San Sebasti\u00e1n, en el \u00a0IV <strong><a href=\"https:\/\/sevilfest.org\/musabiqe-filmleri\/\">Festival Internacional de Cine Documental de Mujeres de Sevil de Azerbaiya\u0301n<\/a><\/strong> (2023), en el <a href=\"https:\/\/festivalcinenoviolencia.org\"><strong>Festival Internacional de Cine de la No-Violencia Activa (FICNOVA)<\/strong><\/a> 2023 y en el <strong><a href=\"https:\/\/klifa.my\">Kuala Lumpur International Film Academy Awards<\/a><\/strong> 2024<\/p>\n<p style=\"padding-left: 10px;\">En 2024 ha realizado un nuevo documental de 45 minutos titulado &#8220;<a href=\"https:\/\/javierfalco.com\/portfolio\/la-decision-de-joaquina\/\"><strong>La decisi\u00f3n de Joaquina<\/strong><\/a>&#8221; estrenado en los <strong><a href=\"https:\/\/cineslys.com\/val\/calendario\/la-decision-de-joaquina\/\">cines LYS de Valencia<\/a><\/strong>, el 26 de septiembre de 2024, que narra una historia de lucha por los derechos humanos y las libertades, en la ciudad de Valencia con la eutanasia como trasfondo. Ha obtenido una menci\u00f3n especial el certamen <a href=\"https:\/\/www.iacjuangilalbert.com\/sempere-geometria-de-lo-intemporal-y-la-cuarta-barra-ganan-los-iii-premios-del-documental-alicantino-del-instituto-gil-albert\/#more-12105\"><strong>DOCS ALC<\/strong><\/a> 2024 del documental alicantino que impulsa el <a href=\"https:\/\/www.iacjuangilalbert.com\"><strong>Instituto Juan Gil-Albert de la Diputaci\u00f3n Provincial de Alicante<\/strong><\/a>, una selecci\u00f3n oficial en el <a href=\"https:\/\/festivalccc.acicom.org\/\"><strong>X Festival Cinema Ciutad\u00e0 Comprom\u00e9s<\/strong><\/a> de Valencia y una nominaci\u00f3n en el festival de cine documental <a href=\"https:\/\/doc-only.com\"><strong>DOC ONLY<\/strong><\/a> de Copenhagen (Dinamarca), como mejor documental en el apartado de derechos humanos.<\/p>\n<p style=\"padding-left: 10px;\">En 2026 termina un nuevo trabajo sobre el periodista y escritor ilicitano <strong>Andr\u00e9s Gonz\u00e1lez<\/strong>, titulado &#8220;<a href=\"https:\/\/javierfalco.com\/portfolio\/esclerosis-mon-amour\/\"><strong>Esclerosis, mon amour<\/strong><\/a>&#8220;, su historia de vida y la esclerosis m\u00faltiple que padece. Este \u00faltimo documental se ha estrenado en la <strong><a href=\"https:\/\/cultura.umh.es\/es\/2026\/05\/26\/esclerosis-mon-amour\/\">cinemateca del edificio La Valona de la Universidad Miguel Hern\u00e1ndez de Elche,<\/a><\/strong>\u00a0y se ha emitido por la televisi\u00f3n de Elche (<strong><a href=\"https:\/\/teleelx.es\/2023\/02\/14\/teleelx-emite-a-las-22-15-horas-el-documental-la-caja-vacia-sobre-bebes-robados\/\">Teleelx<\/a><\/strong>).<\/p>\n<p style=\"text-align: left; padding-left: 10px;\">Ha sido miembro de la Asociaci\u00f3n Espa\u00f1ola de Cine Documental (<strong><a href=\"https:\/\/docma.es\">DOCMA<\/a><\/strong>).<\/p>\n","protected":false},"excerpt":{"rendered":"<p>\u00a0&#8220;La emoci\u00f3n es el v\u00ednculo que favorece la comunicaci\u00f3n entre personas&#8221; (Nazareth Castellanos) &nbsp; VERSI\u00d3N RESUMIDA &#8230; <\/p>\n","protected":false},"author":4,"featured_media":7361,"parent":0,"menu_order":0,"comment_status":"closed","ping_status":"closed","template":"","meta":{"footnotes":""},"class_list":["post-34","page","type-page","status-publish","has-post-thumbnail","hentry"],"yoast_head":"<!-- This site is optimized with the Yoast SEO plugin v28.3 - https:\/\/yoast.com\/product\/yoast-seo-wordpress\/ -->\n<title>Trayectoria - Javier Falc\u00f3<\/title>\n<meta name=\"description\" content=\"Trayectoria de Javier Falc\u00f3\" \/>\n<meta name=\"robots\" content=\"index, follow, max-snippet:-1, max-image-preview:large, max-video-preview:-1\" \/>\n<link rel=\"canonical\" href=\"https:\/\/javierfalco.com\/portfolio\/trayectoria\/\" \/>\n<meta property=\"og:locale\" content=\"es_ES\" \/>\n<meta property=\"og:type\" content=\"article\" \/>\n<meta property=\"og:title\" content=\"Trayectoria - Javier Falc\u00f3\" \/>\n<meta property=\"og:description\" content=\"Trayectoria de Javier Falc\u00f3\" \/>\n<meta property=\"og:url\" content=\"https:\/\/javierfalco.com\/portfolio\/trayectoria\/\" \/>\n<meta property=\"og:site_name\" content=\"Javier Falc\u00f3\" \/>\n<meta property=\"article:modified_time\" content=\"2026-08-30T20:49:37+00:00\" \/>\n<meta property=\"og:image\" content=\"https:\/\/javierfalco.com\/portfolio\/wp-content\/uploads\/2022\/10\/jf2.png\" \/>\n\t<meta property=\"og:image:width\" content=\"1200\" \/>\n\t<meta property=\"og:image:height\" content=\"374\" \/>\n\t<meta property=\"og:image:type\" content=\"image\/png\" \/>\n<meta name=\"twitter:card\" content=\"summary_large_image\" \/>\n<meta name=\"twitter:label1\" content=\"Tiempo de lectura\" \/>\n\t<meta name=\"twitter:data1\" content=\"7 minutos\" \/>\n<script type=\"application\/ld+json\" class=\"yoast-schema-graph\">{\"@context\":\"https:\\\/\\\/schema.org\",\"@graph\":[{\"@type\":\"WebPage\",\"@id\":\"https:\\\/\\\/javierfalco.com\\\/portfolio\\\/trayectoria\\\/\",\"url\":\"https:\\\/\\\/javierfalco.com\\\/portfolio\\\/trayectoria\\\/\",\"name\":\"Trayectoria - Javier Falc\u00f3\",\"isPartOf\":{\"@id\":\"https:\\\/\\\/javierfalco.com\\\/portfolio\\\/#website\"},\"primaryImageOfPage\":{\"@id\":\"https:\\\/\\\/javierfalco.com\\\/portfolio\\\/trayectoria\\\/#primaryimage\"},\"image\":{\"@id\":\"https:\\\/\\\/javierfalco.com\\\/portfolio\\\/trayectoria\\\/#primaryimage\"},\"thumbnailUrl\":\"https:\\\/\\\/javierfalco.com\\\/portfolio\\\/wp-content\\\/uploads\\\/2022\\\/10\\\/jf2.png\",\"datePublished\":\"2018-02-10T16:56:23+00:00\",\"dateModified\":\"2026-08-30T20:49:37+00:00\",\"description\":\"Trayectoria de Javier Falc\u00f3\",\"breadcrumb\":{\"@id\":\"https:\\\/\\\/javierfalco.com\\\/portfolio\\\/trayectoria\\\/#breadcrumb\"},\"inLanguage\":\"es\",\"potentialAction\":[{\"@type\":\"ReadAction\",\"target\":[\"https:\\\/\\\/javierfalco.com\\\/portfolio\\\/trayectoria\\\/\"]}]},{\"@type\":\"ImageObject\",\"inLanguage\":\"es\",\"@id\":\"https:\\\/\\\/javierfalco.com\\\/portfolio\\\/trayectoria\\\/#primaryimage\",\"url\":\"https:\\\/\\\/javierfalco.com\\\/portfolio\\\/wp-content\\\/uploads\\\/2022\\\/10\\\/jf2.png\",\"contentUrl\":\"https:\\\/\\\/javierfalco.com\\\/portfolio\\\/wp-content\\\/uploads\\\/2022\\\/10\\\/jf2.png\",\"width\":1200,\"height\":374},{\"@type\":\"BreadcrumbList\",\"@id\":\"https:\\\/\\\/javierfalco.com\\\/portfolio\\\/trayectoria\\\/#breadcrumb\",\"itemListElement\":[{\"@type\":\"ListItem\",\"position\":1,\"name\":\"Portada\",\"item\":\"https:\\\/\\\/javierfalco.com\\\/portfolio\\\/\"},{\"@type\":\"ListItem\",\"position\":2,\"name\":\"Trayectoria\"}]},{\"@type\":\"WebSite\",\"@id\":\"https:\\\/\\\/javierfalco.com\\\/portfolio\\\/#website\",\"url\":\"https:\\\/\\\/javierfalco.com\\\/portfolio\\\/\",\"name\":\"Fotograf\u00eda y v\u00eddeo documental de Javier Falc\u00f3\",\"description\":\"Fotograf\u00eda y v\u00eddeo documental\",\"publisher\":{\"@id\":\"https:\\\/\\\/javierfalco.com\\\/portfolio\\\/#\\\/schema\\\/person\\\/794ab5e109ff257ded53bea332fe793c\"},\"potentialAction\":[{\"@type\":\"SearchAction\",\"target\":{\"@type\":\"EntryPoint\",\"urlTemplate\":\"https:\\\/\\\/javierfalco.com\\\/portfolio\\\/?s={search_term_string}\"},\"query-input\":{\"@type\":\"PropertyValueSpecification\",\"valueRequired\":true,\"valueName\":\"search_term_string\"}}],\"inLanguage\":\"es\"},{\"@type\":[\"Person\",\"Organization\"],\"@id\":\"https:\\\/\\\/javierfalco.com\\\/portfolio\\\/#\\\/schema\\\/person\\\/794ab5e109ff257ded53bea332fe793c\",\"name\":\"adwpjf\",\"image\":{\"@type\":\"ImageObject\",\"inLanguage\":\"es\",\"@id\":\"https:\\\/\\\/javierfalco.com\\\/portfolio\\\/wp-content\\\/uploads\\\/2026\\\/07\\\/Captura-de-pantalla-2026-07-17-a-las-10.03.23.jpg\",\"url\":\"https:\\\/\\\/javierfalco.com\\\/portfolio\\\/wp-content\\\/uploads\\\/2026\\\/07\\\/Captura-de-pantalla-2026-07-17-a-las-10.03.23.jpg\",\"contentUrl\":\"https:\\\/\\\/javierfalco.com\\\/portfolio\\\/wp-content\\\/uploads\\\/2026\\\/07\\\/Captura-de-pantalla-2026-07-17-a-las-10.03.23.jpg\",\"width\":454,\"height\":94,\"caption\":\"adwpjf\"},\"logo\":{\"@id\":\"https:\\\/\\\/javierfalco.com\\\/portfolio\\\/wp-content\\\/uploads\\\/2026\\\/07\\\/Captura-de-pantalla-2026-07-17-a-las-10.03.23.jpg\"}}]}<\/script>\n<!-- \/ Yoast SEO plugin. -->","yoast_head_json":{"title":"Trayectoria - Javier Falc\u00f3","description":"Trayectoria de Javier Falc\u00f3","robots":{"index":"index","follow":"follow","max-snippet":"max-snippet:-1","max-image-preview":"max-image-preview:large","max-video-preview":"max-video-preview:-1"},"canonical":"https:\/\/javierfalco.com\/portfolio\/trayectoria\/","og_locale":"es_ES","og_type":"article","og_title":"Trayectoria - Javier Falc\u00f3","og_description":"Trayectoria de Javier Falc\u00f3","og_url":"https:\/\/javierfalco.com\/portfolio\/trayectoria\/","og_site_name":"Javier Falc\u00f3","article_modified_time":"2026-08-30T20:49:37+00:00","og_image":[{"width":1200,"height":374,"url":"https:\/\/javierfalco.com\/portfolio\/wp-content\/uploads\/2022\/10\/jf2.png","type":"image\/png"}],"twitter_card":"summary_large_image","twitter_misc":{"Tiempo de lectura":"7 minutos"},"schema":{"@context":"https:\/\/schema.org","@graph":[{"@type":"WebPage","@id":"https:\/\/javierfalco.com\/portfolio\/trayectoria\/","url":"https:\/\/javierfalco.com\/portfolio\/trayectoria\/","name":"Trayectoria - Javier Falc\u00f3","isPartOf":{"@id":"https:\/\/javierfalco.com\/portfolio\/#website"},"primaryImageOfPage":{"@id":"https:\/\/javierfalco.com\/portfolio\/trayectoria\/#primaryimage"},"image":{"@id":"https:\/\/javierfalco.com\/portfolio\/trayectoria\/#primaryimage"},"thumbnailUrl":"https:\/\/javierfalco.com\/portfolio\/wp-content\/uploads\/2022\/10\/jf2.png","datePublished":"2018-02-10T16:56:23+00:00","dateModified":"2026-08-30T20:49:37+00:00","description":"Trayectoria de Javier Falc\u00f3","breadcrumb":{"@id":"https:\/\/javierfalco.com\/portfolio\/trayectoria\/#breadcrumb"},"inLanguage":"es","potentialAction":[{"@type":"ReadAction","target":["https:\/\/javierfalco.com\/portfolio\/trayectoria\/"]}]},{"@type":"ImageObject","inLanguage":"es","@id":"https:\/\/javierfalco.com\/portfolio\/trayectoria\/#primaryimage","url":"https:\/\/javierfalco.com\/portfolio\/wp-content\/uploads\/2022\/10\/jf2.png","contentUrl":"https:\/\/javierfalco.com\/portfolio\/wp-content\/uploads\/2022\/10\/jf2.png","width":1200,"height":374},{"@type":"BreadcrumbList","@id":"https:\/\/javierfalco.com\/portfolio\/trayectoria\/#breadcrumb","itemListElement":[{"@type":"ListItem","position":1,"name":"Portada","item":"https:\/\/javierfalco.com\/portfolio\/"},{"@type":"ListItem","position":2,"name":"Trayectoria"}]},{"@type":"WebSite","@id":"https:\/\/javierfalco.com\/portfolio\/#website","url":"https:\/\/javierfalco.com\/portfolio\/","name":"Fotograf\u00eda y v\u00eddeo documental de Javier Falc\u00f3","description":"Fotograf\u00eda y v\u00eddeo documental","publisher":{"@id":"https:\/\/javierfalco.com\/portfolio\/#\/schema\/person\/794ab5e109ff257ded53bea332fe793c"},"potentialAction":[{"@type":"SearchAction","target":{"@type":"EntryPoint","urlTemplate":"https:\/\/javierfalco.com\/portfolio\/?s={search_term_string}"},"query-input":{"@type":"PropertyValueSpecification","valueRequired":true,"valueName":"search_term_string"}}],"inLanguage":"es"},{"@type":["Person","Organization"],"@id":"https:\/\/javierfalco.com\/portfolio\/#\/schema\/person\/794ab5e109ff257ded53bea332fe793c","name":"adwpjf","image":{"@type":"ImageObject","inLanguage":"es","@id":"https:\/\/javierfalco.com\/portfolio\/wp-content\/uploads\/2026\/07\/Captura-de-pantalla-2026-07-17-a-las-10.03.23.jpg","url":"https:\/\/javierfalco.com\/portfolio\/wp-content\/uploads\/2026\/07\/Captura-de-pantalla-2026-07-17-a-las-10.03.23.jpg","contentUrl":"https:\/\/javierfalco.com\/portfolio\/wp-content\/uploads\/2026\/07\/Captura-de-pantalla-2026-07-17-a-las-10.03.23.jpg","width":454,"height":94,"caption":"adwpjf"},"logo":{"@id":"https:\/\/javierfalco.com\/portfolio\/wp-content\/uploads\/2026\/07\/Captura-de-pantalla-2026-07-17-a-las-10.03.23.jpg"}}]}},"_links":{"self":[{"href":"https:\/\/javierfalco.com\/portfolio\/wp-json\/wp\/v2\/pages\/34","targetHints":{"allow":["GET"]}}],"collection":[{"href":"https:\/\/javierfalco.com\/portfolio\/wp-json\/wp\/v2\/pages"}],"about":[{"href":"https:\/\/javierfalco.com\/portfolio\/wp-json\/wp\/v2\/types\/page"}],"author":[{"embeddable":true,"href":"https:\/\/javierfalco.com\/portfolio\/wp-json\/wp\/v2\/users\/4"}],"replies":[{"embeddable":true,"href":"https:\/\/javierfalco.com\/portfolio\/wp-json\/wp\/v2\/comments?post=34"}],"version-history":[{"count":189,"href":"https:\/\/javierfalco.com\/portfolio\/wp-json\/wp\/v2\/pages\/34\/revisions"}],"predecessor-version":[{"id":7943,"href":"https:\/\/javierfalco.com\/portfolio\/wp-json\/wp\/v2\/pages\/34\/revisions\/7943"}],"wp:featuredmedia":[{"embeddable":true,"href":"https:\/\/javierfalco.com\/portfolio\/wp-json\/wp\/v2\/media\/7361"}],"wp:attachment":[{"href":"https:\/\/javierfalco.com\/portfolio\/wp-json\/wp\/v2\/media?parent=34"}],"curies":[{"name":"wp","href":"https:\/\/api.w.org\/{rel}","templated":true}]}}