{"id":5245,"date":"2012-07-23T09:17:14","date_gmt":"2012-07-23T09:17:14","guid":{"rendered":"http:\/\/javierfalco.com\/portfolio\/?page_id=5245"},"modified":"2026-07-17T08:36:06","modified_gmt":"2026-07-17T08:36:06","slug":"nit-de-lalba","status":"publish","type":"page","link":"https:\/\/javierfalco.com\/portfolio\/nit-de-lalba\/","title":{"rendered":"Nit de l&#8217;Alb\u00e0"},"content":{"rendered":"<p>[vc_row][vc_column width=&#8221;1\/1&#8243;][rv_text_output el_class=&#8221;&#8221;]Lugar: Elche<br \/>\nFecha: 2009<br \/>\nC\u00e1mara: Canon EOS 450D[\/rv_text_output][\/vc_column][\/vc_row][vc_row][vc_column width=&#8221;1\/1&#8243;][rv_gallery layout=&#8221;masonry&#8221; masonry=&#8221;6731&#8243; masonry_slides=&#8221;&#8221;][\/vc_column][\/vc_row]<\/p>\n","protected":false},"excerpt":{"rendered":"<p>[vc_row][vc_column width=&#8221;1\/1&#8243;][rv_text_output el_class=&#8221;&#8221;]Lugar: Elche Fecha: 2009 C\u00e1mara: Canon EOS 450D[\/rv_text_output][\/vc_column][\/vc_row][vc_row][vc_column width=&#8221;1\/1&#8243;][rv_gallery layout=&#8221;masonry&#8221; masonry=&#8221;6731&#8243; masonry_slides=&#8221;&#8221;][\/vc_column][\/vc_row]<\/p>\n","protected":false},"author":4,"featured_media":0,"parent":0,"menu_order":0,"comment_status":"closed","ping_status":"closed","template":"","meta":{"footnotes":""},"class_list":["post-5245","page","type-page","status-publish","hentry"],"yoast_head":"<!-- This site is optimized with the Yoast SEO plugin v28.3 - https:\/\/yoast.com\/product\/yoast-seo-wordpress\/ -->\n<title>Nit de l&#039;Alb\u00e0 - Javier Falc\u00f3<\/title>\n<meta name=\"description\" content=\"Reportaje fotogr\u00e1fico sobre La Nit de l&#039;Alb\u00e0 (Noche de la Alborada en castellano). Espect\u00e1culo pirot\u00e9cnico que se celebra cada 13 de agosto en Elche. Declarada Fiesta de Inter\u00e9s Tur\u00edstico Nacional, consiste en el lanzamiento de miles de cohetes y fuegos artificiales en ofrenda a la Virgen de la Asunci\u00f3n\" \/>\n<meta name=\"robots\" content=\"index, follow, max-snippet:-1, max-image-preview:large, max-video-preview:-1\" \/>\n<link rel=\"canonical\" href=\"https:\/\/javierfalco.com\/portfolio\/nit-de-lalba\/\" \/>\n<meta property=\"og:locale\" content=\"es_ES\" \/>\n<meta property=\"og:type\" content=\"article\" \/>\n<meta property=\"og:title\" content=\"Nit de l&#039;Alb\u00e0 - Javier Falc\u00f3\" \/>\n<meta property=\"og:description\" content=\"Reportaje fotogr\u00e1fico sobre La Nit de l&#039;Alb\u00e0 (Noche de la Alborada en castellano). Espect\u00e1culo pirot\u00e9cnico que se celebra cada 13 de agosto en Elche. Declarada Fiesta de Inter\u00e9s Tur\u00edstico Nacional, consiste en el lanzamiento de miles de cohetes y fuegos artificiales en ofrenda a la Virgen de la Asunci\u00f3n\" \/>\n<meta property=\"og:url\" content=\"https:\/\/javierfalco.com\/portfolio\/nit-de-lalba\/\" \/>\n<meta property=\"og:site_name\" content=\"Javier Falc\u00f3\" \/>\n<meta property=\"article:modified_time\" content=\"2026-07-17T08:36:06+00:00\" \/>\n<meta name=\"twitter:card\" content=\"summary_large_image\" \/>\n<meta name=\"twitter:label1\" content=\"Tiempo de lectura\" \/>\n\t<meta name=\"twitter:data1\" content=\"1 minuto\" \/>\n<script type=\"application\/ld+json\" class=\"yoast-schema-graph\">{\"@context\":\"https:\\\/\\\/schema.org\",\"@graph\":[{\"@type\":\"WebPage\",\"@id\":\"https:\\\/\\\/javierfalco.com\\\/portfolio\\\/nit-de-lalba\\\/\",\"url\":\"https:\\\/\\\/javierfalco.com\\\/portfolio\\\/nit-de-lalba\\\/\",\"name\":\"Nit de l'Alb\u00e0 - Javier Falc\u00f3\",\"isPartOf\":{\"@id\":\"https:\\\/\\\/javierfalco.com\\\/portfolio\\\/#website\"},\"datePublished\":\"2012-07-23T09:17:14+00:00\",\"dateModified\":\"2026-07-17T08:36:06+00:00\",\"description\":\"Reportaje fotogr\u00e1fico sobre La Nit de l'Alb\u00e0 (Noche de la Alborada en castellano). Espect\u00e1culo pirot\u00e9cnico que se celebra cada 13 de agosto en Elche. Declarada Fiesta de Inter\u00e9s Tur\u00edstico Nacional, consiste en el lanzamiento de miles de cohetes y fuegos artificiales en ofrenda a la Virgen de la Asunci\u00f3n\",\"breadcrumb\":{\"@id\":\"https:\\\/\\\/javierfalco.com\\\/portfolio\\\/nit-de-lalba\\\/#breadcrumb\"},\"inLanguage\":\"es\",\"potentialAction\":[{\"@type\":\"ReadAction\",\"target\":[\"https:\\\/\\\/javierfalco.com\\\/portfolio\\\/nit-de-lalba\\\/\"]}]},{\"@type\":\"BreadcrumbList\",\"@id\":\"https:\\\/\\\/javierfalco.com\\\/portfolio\\\/nit-de-lalba\\\/#breadcrumb\",\"itemListElement\":[{\"@type\":\"ListItem\",\"position\":1,\"name\":\"Portada\",\"item\":\"https:\\\/\\\/javierfalco.com\\\/portfolio\\\/\"},{\"@type\":\"ListItem\",\"position\":2,\"name\":\"Nit de l&#8217;Alb\u00e0\"}]},{\"@type\":\"WebSite\",\"@id\":\"https:\\\/\\\/javierfalco.com\\\/portfolio\\\/#website\",\"url\":\"https:\\\/\\\/javierfalco.com\\\/portfolio\\\/\",\"name\":\"Fotograf\u00eda y v\u00eddeo documental de Javier Falc\u00f3\",\"description\":\"Fotograf\u00eda y v\u00eddeo documental\",\"publisher\":{\"@id\":\"https:\\\/\\\/javierfalco.com\\\/portfolio\\\/#\\\/schema\\\/person\\\/794ab5e109ff257ded53bea332fe793c\"},\"potentialAction\":[{\"@type\":\"SearchAction\",\"target\":{\"@type\":\"EntryPoint\",\"urlTemplate\":\"https:\\\/\\\/javierfalco.com\\\/portfolio\\\/?s={search_term_string}\"},\"query-input\":{\"@type\":\"PropertyValueSpecification\",\"valueRequired\":true,\"valueName\":\"search_term_string\"}}],\"inLanguage\":\"es\"},{\"@type\":[\"Person\",\"Organization\"],\"@id\":\"https:\\\/\\\/javierfalco.com\\\/portfolio\\\/#\\\/schema\\\/person\\\/794ab5e109ff257ded53bea332fe793c\",\"name\":\"adwpjf\",\"image\":{\"@type\":\"ImageObject\",\"inLanguage\":\"es\",\"@id\":\"https:\\\/\\\/javierfalco.com\\\/portfolio\\\/wp-content\\\/uploads\\\/2026\\\/07\\\/Captura-de-pantalla-2026-07-17-a-las-10.03.23.jpg\",\"url\":\"https:\\\/\\\/javierfalco.com\\\/portfolio\\\/wp-content\\\/uploads\\\/2026\\\/07\\\/Captura-de-pantalla-2026-07-17-a-las-10.03.23.jpg\",\"contentUrl\":\"https:\\\/\\\/javierfalco.com\\\/portfolio\\\/wp-content\\\/uploads\\\/2026\\\/07\\\/Captura-de-pantalla-2026-07-17-a-las-10.03.23.jpg\",\"width\":454,\"height\":94,\"caption\":\"adwpjf\"},\"logo\":{\"@id\":\"https:\\\/\\\/javierfalco.com\\\/portfolio\\\/wp-content\\\/uploads\\\/2026\\\/07\\\/Captura-de-pantalla-2026-07-17-a-las-10.03.23.jpg\"}}]}<\/script>\n<!-- \/ Yoast SEO plugin. -->","yoast_head_json":{"title":"Nit de l'Alb\u00e0 - Javier Falc\u00f3","description":"Reportaje fotogr\u00e1fico sobre La Nit de l'Alb\u00e0 (Noche de la Alborada en castellano). Espect\u00e1culo pirot\u00e9cnico que se celebra cada 13 de agosto en Elche. Declarada Fiesta de Inter\u00e9s Tur\u00edstico Nacional, consiste en el lanzamiento de miles de cohetes y fuegos artificiales en ofrenda a la Virgen de la Asunci\u00f3n","robots":{"index":"index","follow":"follow","max-snippet":"max-snippet:-1","max-image-preview":"max-image-preview:large","max-video-preview":"max-video-preview:-1"},"canonical":"https:\/\/javierfalco.com\/portfolio\/nit-de-lalba\/","og_locale":"es_ES","og_type":"article","og_title":"Nit de l'Alb\u00e0 - Javier Falc\u00f3","og_description":"Reportaje fotogr\u00e1fico sobre La Nit de l'Alb\u00e0 (Noche de la Alborada en castellano). Espect\u00e1culo pirot\u00e9cnico que se celebra cada 13 de agosto en Elche. Declarada Fiesta de Inter\u00e9s Tur\u00edstico Nacional, consiste en el lanzamiento de miles de cohetes y fuegos artificiales en ofrenda a la Virgen de la Asunci\u00f3n","og_url":"https:\/\/javierfalco.com\/portfolio\/nit-de-lalba\/","og_site_name":"Javier Falc\u00f3","article_modified_time":"2026-07-17T08:36:06+00:00","twitter_card":"summary_large_image","twitter_misc":{"Tiempo de lectura":"1 minuto"},"schema":{"@context":"https:\/\/schema.org","@graph":[{"@type":"WebPage","@id":"https:\/\/javierfalco.com\/portfolio\/nit-de-lalba\/","url":"https:\/\/javierfalco.com\/portfolio\/nit-de-lalba\/","name":"Nit de l'Alb\u00e0 - Javier Falc\u00f3","isPartOf":{"@id":"https:\/\/javierfalco.com\/portfolio\/#website"},"datePublished":"2012-07-23T09:17:14+00:00","dateModified":"2026-07-17T08:36:06+00:00","description":"Reportaje fotogr\u00e1fico sobre La Nit de l'Alb\u00e0 (Noche de la Alborada en castellano). Espect\u00e1culo pirot\u00e9cnico que se celebra cada 13 de agosto en Elche. Declarada Fiesta de Inter\u00e9s Tur\u00edstico Nacional, consiste en el lanzamiento de miles de cohetes y fuegos artificiales en ofrenda a la Virgen de la Asunci\u00f3n","breadcrumb":{"@id":"https:\/\/javierfalco.com\/portfolio\/nit-de-lalba\/#breadcrumb"},"inLanguage":"es","potentialAction":[{"@type":"ReadAction","target":["https:\/\/javierfalco.com\/portfolio\/nit-de-lalba\/"]}]},{"@type":"BreadcrumbList","@id":"https:\/\/javierfalco.com\/portfolio\/nit-de-lalba\/#breadcrumb","itemListElement":[{"@type":"ListItem","position":1,"name":"Portada","item":"https:\/\/javierfalco.com\/portfolio\/"},{"@type":"ListItem","position":2,"name":"Nit de l&#8217;Alb\u00e0"}]},{"@type":"WebSite","@id":"https:\/\/javierfalco.com\/portfolio\/#website","url":"https:\/\/javierfalco.com\/portfolio\/","name":"Fotograf\u00eda y v\u00eddeo documental de Javier Falc\u00f3","description":"Fotograf\u00eda y v\u00eddeo documental","publisher":{"@id":"https:\/\/javierfalco.com\/portfolio\/#\/schema\/person\/794ab5e109ff257ded53bea332fe793c"},"potentialAction":[{"@type":"SearchAction","target":{"@type":"EntryPoint","urlTemplate":"https:\/\/javierfalco.com\/portfolio\/?s={search_term_string}"},"query-input":{"@type":"PropertyValueSpecification","valueRequired":true,"valueName":"search_term_string"}}],"inLanguage":"es"},{"@type":["Person","Organization"],"@id":"https:\/\/javierfalco.com\/portfolio\/#\/schema\/person\/794ab5e109ff257ded53bea332fe793c","name":"adwpjf","image":{"@type":"ImageObject","inLanguage":"es","@id":"https:\/\/javierfalco.com\/portfolio\/wp-content\/uploads\/2026\/07\/Captura-de-pantalla-2026-07-17-a-las-10.03.23.jpg","url":"https:\/\/javierfalco.com\/portfolio\/wp-content\/uploads\/2026\/07\/Captura-de-pantalla-2026-07-17-a-las-10.03.23.jpg","contentUrl":"https:\/\/javierfalco.com\/portfolio\/wp-content\/uploads\/2026\/07\/Captura-de-pantalla-2026-07-17-a-las-10.03.23.jpg","width":454,"height":94,"caption":"adwpjf"},"logo":{"@id":"https:\/\/javierfalco.com\/portfolio\/wp-content\/uploads\/2026\/07\/Captura-de-pantalla-2026-07-17-a-las-10.03.23.jpg"}}]}},"_links":{"self":[{"href":"https:\/\/javierfalco.com\/portfolio\/wp-json\/wp\/v2\/pages\/5245","targetHints":{"allow":["GET"]}}],"collection":[{"href":"https:\/\/javierfalco.com\/portfolio\/wp-json\/wp\/v2\/pages"}],"about":[{"href":"https:\/\/javierfalco.com\/portfolio\/wp-json\/wp\/v2\/types\/page"}],"author":[{"embeddable":true,"href":"https:\/\/javierfalco.com\/portfolio\/wp-json\/wp\/v2\/users\/4"}],"replies":[{"embeddable":true,"href":"https:\/\/javierfalco.com\/portfolio\/wp-json\/wp\/v2\/comments?post=5245"}],"version-history":[{"count":4,"href":"https:\/\/javierfalco.com\/portfolio\/wp-json\/wp\/v2\/pages\/5245\/revisions"}],"predecessor-version":[{"id":7707,"href":"https:\/\/javierfalco.com\/portfolio\/wp-json\/wp\/v2\/pages\/5245\/revisions\/7707"}],"wp:attachment":[{"href":"https:\/\/javierfalco.com\/portfolio\/wp-json\/wp\/v2\/media?parent=5245"}],"curies":[{"name":"wp","href":"https:\/\/api.w.org\/{rel}","templated":true}]}}