{"id":5803,"date":"2014-06-18T10:02:08","date_gmt":"2014-06-18T10:02:08","guid":{"rendered":"http:\/\/javierfalco.com\/portfolio\/?page_id=5803"},"modified":"2026-07-17T08:35:31","modified_gmt":"2026-07-17T08:35:31","slug":"els-ultims-llops-marins","status":"publish","type":"page","link":"https:\/\/javierfalco.com\/portfolio\/els-ultims-llops-marins\/","title":{"rendered":"Els \u00faltims llops marins de l&#8217;illa de Tabarca"},"content":{"rendered":"<div style=\"padding-left: 10px;\">A\u00f1o 2014<\/div>\n<div style=\"padding-left: 10px;\"><span style=\"color: #ffffff;\">.<\/span><\/div>\n<div style=\"padding-left: 10px;\">Sinopsis: La foca monje o llop mar\u00ed (como se le llama en la isla de Tabarca) fue com\u00fan en nuestras costas, hasta su pr\u00e1ctica desaparici\u00f3n a principios del siglo pasado. Este microdocumental intenta recrear el fat\u00eddico d\u00eda en que la \u00faltima pareja de foca monje que viv\u00eda en la isla fue capturada un 26 de mayo de 1938. Con subt\u00edtulos en castellano.<\/div>\n<div><span style=\"color: #ffffff;\">&#8211;<\/span><\/div>\n<style>.embed-container { position: relative; padding-bottom: 56.25%; height: 0; overflow: hidden; max-width: 100%; } .embed-container iframe, .embed-container object, .embed-container embed { position: absolute; top: 0; left: 0; width: 100%; height: 100%; }<\/style>\n<div class=\"embed-container\"><iframe loading=\"lazy\" src=\"https:\/\/www.youtube.com\/embed\/TQh-Vrtdvrg?si=q_zBoIxYdr4-TJb3\" width=\"1200\" height=\"675\" frameborder=\"0\" allowfullscreen=\"allowfullscreen\"><span data-mce-type=\"bookmark\" style=\"display: inline-block; width: 0px; overflow: hidden; line-height: 0;\" class=\"mce_SELRES_start\">\ufeff<\/span><span data-mce-type=\"bookmark\" style=\"display: inline-block; width: 0px; overflow: hidden; line-height: 0;\" class=\"mce_SELRES_start\">\ufeff<\/span><\/iframe><\/div>\n","protected":false},"excerpt":{"rendered":"<p>A\u00f1o 2014 . Sinopsis: La foca monje o llop mar\u00ed (como se le llama en la &#8230; <\/p>\n","protected":false},"author":4,"featured_media":0,"parent":0,"menu_order":0,"comment_status":"closed","ping_status":"closed","template":"","meta":{"footnotes":""},"class_list":["post-5803","page","type-page","status-publish","hentry"],"yoast_head":"<!-- This site is optimized with the Yoast SEO plugin v28.3 - https:\/\/yoast.com\/product\/yoast-seo-wordpress\/ -->\n<title>Els \u00faltims llops marins de l&#039;illa de Tabarca - Javier Falc\u00f3<\/title>\n<meta name=\"description\" content=\"Descubre la historia de la foca monje en la isla de Tabarca, desaparecida de nuestras costas tras la captura de su \u00faltima pareja en 1938\" \/>\n<meta name=\"robots\" content=\"index, follow, max-snippet:-1, max-image-preview:large, max-video-preview:-1\" \/>\n<link rel=\"canonical\" href=\"https:\/\/javierfalco.com\/portfolio\/els-ultims-llops-marins\/\" \/>\n<meta property=\"og:locale\" content=\"es_ES\" \/>\n<meta property=\"og:type\" content=\"article\" \/>\n<meta property=\"og:title\" content=\"Els \u00faltims llops marins de l&#039;illa de Tabarca - Javier Falc\u00f3\" \/>\n<meta property=\"og:description\" content=\"Descubre la historia de la foca monje en la isla de Tabarca, desaparecida de nuestras costas tras la captura de su \u00faltima pareja en 1938\" \/>\n<meta property=\"og:url\" content=\"https:\/\/javierfalco.com\/portfolio\/els-ultims-llops-marins\/\" \/>\n<meta property=\"og:site_name\" content=\"Javier Falc\u00f3\" \/>\n<meta property=\"article:modified_time\" content=\"2026-07-17T08:35:31+00:00\" \/>\n<meta name=\"twitter:card\" content=\"summary_large_image\" \/>\n<meta name=\"twitter:label1\" content=\"Tiempo de lectura\" \/>\n\t<meta name=\"twitter:data1\" content=\"1 minuto\" \/>\n<script type=\"application\/ld+json\" class=\"yoast-schema-graph\">{\"@context\":\"https:\\\/\\\/schema.org\",\"@graph\":[{\"@type\":\"WebPage\",\"@id\":\"https:\\\/\\\/javierfalco.com\\\/portfolio\\\/els-ultims-llops-marins\\\/\",\"url\":\"https:\\\/\\\/javierfalco.com\\\/portfolio\\\/els-ultims-llops-marins\\\/\",\"name\":\"Els \u00faltims llops marins de l'illa de Tabarca - Javier Falc\u00f3\",\"isPartOf\":{\"@id\":\"https:\\\/\\\/javierfalco.com\\\/portfolio\\\/#website\"},\"datePublished\":\"2014-06-18T10:02:08+00:00\",\"dateModified\":\"2026-07-17T08:35:31+00:00\",\"description\":\"Descubre la historia de la foca monje en la isla de Tabarca, desaparecida de nuestras costas tras la captura de su \u00faltima pareja en 1938\",\"breadcrumb\":{\"@id\":\"https:\\\/\\\/javierfalco.com\\\/portfolio\\\/els-ultims-llops-marins\\\/#breadcrumb\"},\"inLanguage\":\"es\",\"potentialAction\":[{\"@type\":\"ReadAction\",\"target\":[\"https:\\\/\\\/javierfalco.com\\\/portfolio\\\/els-ultims-llops-marins\\\/\"]}]},{\"@type\":\"BreadcrumbList\",\"@id\":\"https:\\\/\\\/javierfalco.com\\\/portfolio\\\/els-ultims-llops-marins\\\/#breadcrumb\",\"itemListElement\":[{\"@type\":\"ListItem\",\"position\":1,\"name\":\"Portada\",\"item\":\"https:\\\/\\\/javierfalco.com\\\/portfolio\\\/\"},{\"@type\":\"ListItem\",\"position\":2,\"name\":\"Els \u00faltims llops marins de l&#8217;illa de Tabarca\"}]},{\"@type\":\"WebSite\",\"@id\":\"https:\\\/\\\/javierfalco.com\\\/portfolio\\\/#website\",\"url\":\"https:\\\/\\\/javierfalco.com\\\/portfolio\\\/\",\"name\":\"Fotograf\u00eda y v\u00eddeo documental de Javier Falc\u00f3\",\"description\":\"Fotograf\u00eda y v\u00eddeo documental\",\"publisher\":{\"@id\":\"https:\\\/\\\/javierfalco.com\\\/portfolio\\\/#\\\/schema\\\/person\\\/794ab5e109ff257ded53bea332fe793c\"},\"potentialAction\":[{\"@type\":\"SearchAction\",\"target\":{\"@type\":\"EntryPoint\",\"urlTemplate\":\"https:\\\/\\\/javierfalco.com\\\/portfolio\\\/?s={search_term_string}\"},\"query-input\":{\"@type\":\"PropertyValueSpecification\",\"valueRequired\":true,\"valueName\":\"search_term_string\"}}],\"inLanguage\":\"es\"},{\"@type\":[\"Person\",\"Organization\"],\"@id\":\"https:\\\/\\\/javierfalco.com\\\/portfolio\\\/#\\\/schema\\\/person\\\/794ab5e109ff257ded53bea332fe793c\",\"name\":\"adwpjf\",\"image\":{\"@type\":\"ImageObject\",\"inLanguage\":\"es\",\"@id\":\"https:\\\/\\\/javierfalco.com\\\/portfolio\\\/wp-content\\\/uploads\\\/2026\\\/07\\\/Captura-de-pantalla-2026-07-17-a-las-10.03.23.jpg\",\"url\":\"https:\\\/\\\/javierfalco.com\\\/portfolio\\\/wp-content\\\/uploads\\\/2026\\\/07\\\/Captura-de-pantalla-2026-07-17-a-las-10.03.23.jpg\",\"contentUrl\":\"https:\\\/\\\/javierfalco.com\\\/portfolio\\\/wp-content\\\/uploads\\\/2026\\\/07\\\/Captura-de-pantalla-2026-07-17-a-las-10.03.23.jpg\",\"width\":454,\"height\":94,\"caption\":\"adwpjf\"},\"logo\":{\"@id\":\"https:\\\/\\\/javierfalco.com\\\/portfolio\\\/wp-content\\\/uploads\\\/2026\\\/07\\\/Captura-de-pantalla-2026-07-17-a-las-10.03.23.jpg\"}}]}<\/script>\n<!-- \/ Yoast SEO plugin. -->","yoast_head_json":{"title":"Els \u00faltims llops marins de l'illa de Tabarca - Javier Falc\u00f3","description":"Descubre la historia de la foca monje en la isla de Tabarca, desaparecida de nuestras costas tras la captura de su \u00faltima pareja en 1938","robots":{"index":"index","follow":"follow","max-snippet":"max-snippet:-1","max-image-preview":"max-image-preview:large","max-video-preview":"max-video-preview:-1"},"canonical":"https:\/\/javierfalco.com\/portfolio\/els-ultims-llops-marins\/","og_locale":"es_ES","og_type":"article","og_title":"Els \u00faltims llops marins de l'illa de Tabarca - Javier Falc\u00f3","og_description":"Descubre la historia de la foca monje en la isla de Tabarca, desaparecida de nuestras costas tras la captura de su \u00faltima pareja en 1938","og_url":"https:\/\/javierfalco.com\/portfolio\/els-ultims-llops-marins\/","og_site_name":"Javier Falc\u00f3","article_modified_time":"2026-07-17T08:35:31+00:00","twitter_card":"summary_large_image","twitter_misc":{"Tiempo de lectura":"1 minuto"},"schema":{"@context":"https:\/\/schema.org","@graph":[{"@type":"WebPage","@id":"https:\/\/javierfalco.com\/portfolio\/els-ultims-llops-marins\/","url":"https:\/\/javierfalco.com\/portfolio\/els-ultims-llops-marins\/","name":"Els \u00faltims llops marins de l'illa de Tabarca - Javier Falc\u00f3","isPartOf":{"@id":"https:\/\/javierfalco.com\/portfolio\/#website"},"datePublished":"2014-06-18T10:02:08+00:00","dateModified":"2026-07-17T08:35:31+00:00","description":"Descubre la historia de la foca monje en la isla de Tabarca, desaparecida de nuestras costas tras la captura de su \u00faltima pareja en 1938","breadcrumb":{"@id":"https:\/\/javierfalco.com\/portfolio\/els-ultims-llops-marins\/#breadcrumb"},"inLanguage":"es","potentialAction":[{"@type":"ReadAction","target":["https:\/\/javierfalco.com\/portfolio\/els-ultims-llops-marins\/"]}]},{"@type":"BreadcrumbList","@id":"https:\/\/javierfalco.com\/portfolio\/els-ultims-llops-marins\/#breadcrumb","itemListElement":[{"@type":"ListItem","position":1,"name":"Portada","item":"https:\/\/javierfalco.com\/portfolio\/"},{"@type":"ListItem","position":2,"name":"Els \u00faltims llops marins de l&#8217;illa de Tabarca"}]},{"@type":"WebSite","@id":"https:\/\/javierfalco.com\/portfolio\/#website","url":"https:\/\/javierfalco.com\/portfolio\/","name":"Fotograf\u00eda y v\u00eddeo documental de Javier Falc\u00f3","description":"Fotograf\u00eda y v\u00eddeo documental","publisher":{"@id":"https:\/\/javierfalco.com\/portfolio\/#\/schema\/person\/794ab5e109ff257ded53bea332fe793c"},"potentialAction":[{"@type":"SearchAction","target":{"@type":"EntryPoint","urlTemplate":"https:\/\/javierfalco.com\/portfolio\/?s={search_term_string}"},"query-input":{"@type":"PropertyValueSpecification","valueRequired":true,"valueName":"search_term_string"}}],"inLanguage":"es"},{"@type":["Person","Organization"],"@id":"https:\/\/javierfalco.com\/portfolio\/#\/schema\/person\/794ab5e109ff257ded53bea332fe793c","name":"adwpjf","image":{"@type":"ImageObject","inLanguage":"es","@id":"https:\/\/javierfalco.com\/portfolio\/wp-content\/uploads\/2026\/07\/Captura-de-pantalla-2026-07-17-a-las-10.03.23.jpg","url":"https:\/\/javierfalco.com\/portfolio\/wp-content\/uploads\/2026\/07\/Captura-de-pantalla-2026-07-17-a-las-10.03.23.jpg","contentUrl":"https:\/\/javierfalco.com\/portfolio\/wp-content\/uploads\/2026\/07\/Captura-de-pantalla-2026-07-17-a-las-10.03.23.jpg","width":454,"height":94,"caption":"adwpjf"},"logo":{"@id":"https:\/\/javierfalco.com\/portfolio\/wp-content\/uploads\/2026\/07\/Captura-de-pantalla-2026-07-17-a-las-10.03.23.jpg"}}]}},"_links":{"self":[{"href":"https:\/\/javierfalco.com\/portfolio\/wp-json\/wp\/v2\/pages\/5803","targetHints":{"allow":["GET"]}}],"collection":[{"href":"https:\/\/javierfalco.com\/portfolio\/wp-json\/wp\/v2\/pages"}],"about":[{"href":"https:\/\/javierfalco.com\/portfolio\/wp-json\/wp\/v2\/types\/page"}],"author":[{"embeddable":true,"href":"https:\/\/javierfalco.com\/portfolio\/wp-json\/wp\/v2\/users\/4"}],"replies":[{"embeddable":true,"href":"https:\/\/javierfalco.com\/portfolio\/wp-json\/wp\/v2\/comments?post=5803"}],"version-history":[{"count":18,"href":"https:\/\/javierfalco.com\/portfolio\/wp-json\/wp\/v2\/pages\/5803\/revisions"}],"predecessor-version":[{"id":7806,"href":"https:\/\/javierfalco.com\/portfolio\/wp-json\/wp\/v2\/pages\/5803\/revisions\/7806"}],"wp:attachment":[{"href":"https:\/\/javierfalco.com\/portfolio\/wp-json\/wp\/v2\/media?parent=5803"}],"curies":[{"name":"wp","href":"https:\/\/api.w.org\/{rel}","templated":true}]}}