{"id":7013,"date":"2019-01-16T10:17:13","date_gmt":"2019-01-16T10:17:13","guid":{"rendered":"http:\/\/javierfalco.com\/portfolio\/?page_id=7013"},"modified":"2026-07-17T08:36:31","modified_gmt":"2026-07-17T08:36:31","slug":"politica-de-privacidad","status":"publish","type":"page","link":"https:\/\/javierfalco.com\/portfolio\/politica-de-privacidad\/","title":{"rendered":"Pol\u00edtica de privacidad"},"content":{"rendered":"<p>PROTECCI\u00d3N DE DATOS DE CAR\u00c1CTER PERSONAL SEG\u00daN LOPD<\/p>\n<p>Luis Javier Falc\u00f3 P\u00e9rez, titular de esta web en aplicaci\u00f3n de la normativa vigente en materia de protecci\u00f3n de datos de car\u00e1cter personal, informa que los\u00a0datos personales que se recogen a trav\u00e9s del formulario de contacto del sitio web\u00a0<a href=\"http:\/\/www.javierfalco.com\">www.javierfalco.com<\/a>, se incluyen en los ficheros automatizados espec\u00edficos de\u00a0usuarios de los servicios del titular.<\/p>\n<p>La recogida y tratamiento automatizado de los datos de car\u00e1cter personal tiene como finalidad el desempe\u00f1o de tareas de informaci\u00f3n y comunicaci\u00f3n\u00a0propias del titular.<\/p>\n<p>Estos datos \u00fanicamente ser\u00e1n cedidos a aquellas entidades que sean necesarias con el \u00fanico objetivo de dar cumplimiento a la finalidad anteriormente\u00a0expuesta. El titular adopta las medidas necesarias para garantizar la seguridad, integridad y confidencialidad de los datos conforme a lo dispuesto en el\u00a0Reglamento (UE) \u00a02016\/679 del Parlamento Europeo y del Consejo, de 27 de abril de 2016, relativo a la protecci\u00f3n de las personas f\u00edsicas en lo que\u00a0respecta al tratamiento de datos personales y a la libre circulaci\u00f3n de los mismos.<\/p>\n<p>El usuario podr\u00e1 en cualquier momento ejercitar los derechos de acceso, oposici\u00f3n, rectificaci\u00f3n y cancelaci\u00f3n reconocidos en el citado Reglamento (UE).\u00a0El ejercicio de estos derechos puede realizarlo el propio usuario a trav\u00e9s de email a javierfalco(@)gmail.com<\/p>\n","protected":false},"excerpt":{"rendered":"<p>PROTECCI\u00d3N DE DATOS DE CAR\u00c1CTER PERSONAL SEG\u00daN LOPD Luis Javier Falc\u00f3 P\u00e9rez, titular de esta web &#8230; <\/p>\n","protected":false},"author":4,"featured_media":0,"parent":0,"menu_order":0,"comment_status":"closed","ping_status":"closed","template":"","meta":{"footnotes":""},"class_list":["post-7013","page","type-page","status-publish","hentry"],"yoast_head":"<!-- This site is optimized with the Yoast SEO plugin v28.3 - https:\/\/yoast.com\/product\/yoast-seo-wordpress\/ -->\n<title>Pol\u00edtica de privacidad - Javier Falc\u00f3<\/title>\n<meta name=\"description\" content=\"Pol\u00edtica de privacidad y protecci\u00f3n de datos\" \/>\n<meta name=\"robots\" content=\"index, follow, max-snippet:-1, max-image-preview:large, max-video-preview:-1\" \/>\n<link rel=\"canonical\" href=\"https:\/\/javierfalco.com\/portfolio\/politica-de-privacidad\/\" \/>\n<meta property=\"og:locale\" content=\"es_ES\" \/>\n<meta property=\"og:type\" content=\"article\" \/>\n<meta property=\"og:title\" content=\"Pol\u00edtica de privacidad - Javier Falc\u00f3\" \/>\n<meta property=\"og:description\" content=\"Pol\u00edtica de privacidad y protecci\u00f3n de datos\" \/>\n<meta property=\"og:url\" content=\"https:\/\/javierfalco.com\/portfolio\/politica-de-privacidad\/\" \/>\n<meta property=\"og:site_name\" content=\"Javier Falc\u00f3\" \/>\n<meta property=\"article:modified_time\" content=\"2026-07-17T08:36:31+00:00\" \/>\n<meta name=\"twitter:card\" content=\"summary_large_image\" \/>\n<meta name=\"twitter:label1\" content=\"Tiempo de lectura\" \/>\n\t<meta name=\"twitter:data1\" content=\"1 minuto\" \/>\n<script type=\"application\/ld+json\" class=\"yoast-schema-graph\">{\"@context\":\"https:\\\/\\\/schema.org\",\"@graph\":[{\"@type\":\"WebPage\",\"@id\":\"https:\\\/\\\/javierfalco.com\\\/portfolio\\\/politica-de-privacidad\\\/\",\"url\":\"https:\\\/\\\/javierfalco.com\\\/portfolio\\\/politica-de-privacidad\\\/\",\"name\":\"Pol\u00edtica de privacidad - Javier Falc\u00f3\",\"isPartOf\":{\"@id\":\"https:\\\/\\\/javierfalco.com\\\/portfolio\\\/#website\"},\"datePublished\":\"2019-01-16T10:17:13+00:00\",\"dateModified\":\"2026-07-17T08:36:31+00:00\",\"description\":\"Pol\u00edtica de privacidad y protecci\u00f3n de datos\",\"breadcrumb\":{\"@id\":\"https:\\\/\\\/javierfalco.com\\\/portfolio\\\/politica-de-privacidad\\\/#breadcrumb\"},\"inLanguage\":\"es\",\"potentialAction\":[{\"@type\":\"ReadAction\",\"target\":[\"https:\\\/\\\/javierfalco.com\\\/portfolio\\\/politica-de-privacidad\\\/\"]}]},{\"@type\":\"BreadcrumbList\",\"@id\":\"https:\\\/\\\/javierfalco.com\\\/portfolio\\\/politica-de-privacidad\\\/#breadcrumb\",\"itemListElement\":[{\"@type\":\"ListItem\",\"position\":1,\"name\":\"Portada\",\"item\":\"https:\\\/\\\/javierfalco.com\\\/portfolio\\\/\"},{\"@type\":\"ListItem\",\"position\":2,\"name\":\"Pol\u00edtica de privacidad\"}]},{\"@type\":\"WebSite\",\"@id\":\"https:\\\/\\\/javierfalco.com\\\/portfolio\\\/#website\",\"url\":\"https:\\\/\\\/javierfalco.com\\\/portfolio\\\/\",\"name\":\"Fotograf\u00eda y v\u00eddeo documental de Javier Falc\u00f3\",\"description\":\"Fotograf\u00eda y v\u00eddeo documental\",\"publisher\":{\"@id\":\"https:\\\/\\\/javierfalco.com\\\/portfolio\\\/#\\\/schema\\\/person\\\/794ab5e109ff257ded53bea332fe793c\"},\"potentialAction\":[{\"@type\":\"SearchAction\",\"target\":{\"@type\":\"EntryPoint\",\"urlTemplate\":\"https:\\\/\\\/javierfalco.com\\\/portfolio\\\/?s={search_term_string}\"},\"query-input\":{\"@type\":\"PropertyValueSpecification\",\"valueRequired\":true,\"valueName\":\"search_term_string\"}}],\"inLanguage\":\"es\"},{\"@type\":[\"Person\",\"Organization\"],\"@id\":\"https:\\\/\\\/javierfalco.com\\\/portfolio\\\/#\\\/schema\\\/person\\\/794ab5e109ff257ded53bea332fe793c\",\"name\":\"adwpjf\",\"image\":{\"@type\":\"ImageObject\",\"inLanguage\":\"es\",\"@id\":\"https:\\\/\\\/javierfalco.com\\\/portfolio\\\/wp-content\\\/uploads\\\/2026\\\/07\\\/Captura-de-pantalla-2026-07-17-a-las-10.03.23.jpg\",\"url\":\"https:\\\/\\\/javierfalco.com\\\/portfolio\\\/wp-content\\\/uploads\\\/2026\\\/07\\\/Captura-de-pantalla-2026-07-17-a-las-10.03.23.jpg\",\"contentUrl\":\"https:\\\/\\\/javierfalco.com\\\/portfolio\\\/wp-content\\\/uploads\\\/2026\\\/07\\\/Captura-de-pantalla-2026-07-17-a-las-10.03.23.jpg\",\"width\":454,\"height\":94,\"caption\":\"adwpjf\"},\"logo\":{\"@id\":\"https:\\\/\\\/javierfalco.com\\\/portfolio\\\/wp-content\\\/uploads\\\/2026\\\/07\\\/Captura-de-pantalla-2026-07-17-a-las-10.03.23.jpg\"}}]}<\/script>\n<!-- \/ Yoast SEO plugin. -->","yoast_head_json":{"title":"Pol\u00edtica de privacidad - Javier Falc\u00f3","description":"Pol\u00edtica de privacidad y protecci\u00f3n de datos","robots":{"index":"index","follow":"follow","max-snippet":"max-snippet:-1","max-image-preview":"max-image-preview:large","max-video-preview":"max-video-preview:-1"},"canonical":"https:\/\/javierfalco.com\/portfolio\/politica-de-privacidad\/","og_locale":"es_ES","og_type":"article","og_title":"Pol\u00edtica de privacidad - Javier Falc\u00f3","og_description":"Pol\u00edtica de privacidad y protecci\u00f3n de datos","og_url":"https:\/\/javierfalco.com\/portfolio\/politica-de-privacidad\/","og_site_name":"Javier Falc\u00f3","article_modified_time":"2026-07-17T08:36:31+00:00","twitter_card":"summary_large_image","twitter_misc":{"Tiempo de lectura":"1 minuto"},"schema":{"@context":"https:\/\/schema.org","@graph":[{"@type":"WebPage","@id":"https:\/\/javierfalco.com\/portfolio\/politica-de-privacidad\/","url":"https:\/\/javierfalco.com\/portfolio\/politica-de-privacidad\/","name":"Pol\u00edtica de privacidad - Javier Falc\u00f3","isPartOf":{"@id":"https:\/\/javierfalco.com\/portfolio\/#website"},"datePublished":"2019-01-16T10:17:13+00:00","dateModified":"2026-07-17T08:36:31+00:00","description":"Pol\u00edtica de privacidad y protecci\u00f3n de datos","breadcrumb":{"@id":"https:\/\/javierfalco.com\/portfolio\/politica-de-privacidad\/#breadcrumb"},"inLanguage":"es","potentialAction":[{"@type":"ReadAction","target":["https:\/\/javierfalco.com\/portfolio\/politica-de-privacidad\/"]}]},{"@type":"BreadcrumbList","@id":"https:\/\/javierfalco.com\/portfolio\/politica-de-privacidad\/#breadcrumb","itemListElement":[{"@type":"ListItem","position":1,"name":"Portada","item":"https:\/\/javierfalco.com\/portfolio\/"},{"@type":"ListItem","position":2,"name":"Pol\u00edtica de privacidad"}]},{"@type":"WebSite","@id":"https:\/\/javierfalco.com\/portfolio\/#website","url":"https:\/\/javierfalco.com\/portfolio\/","name":"Fotograf\u00eda y v\u00eddeo documental de Javier Falc\u00f3","description":"Fotograf\u00eda y v\u00eddeo documental","publisher":{"@id":"https:\/\/javierfalco.com\/portfolio\/#\/schema\/person\/794ab5e109ff257ded53bea332fe793c"},"potentialAction":[{"@type":"SearchAction","target":{"@type":"EntryPoint","urlTemplate":"https:\/\/javierfalco.com\/portfolio\/?s={search_term_string}"},"query-input":{"@type":"PropertyValueSpecification","valueRequired":true,"valueName":"search_term_string"}}],"inLanguage":"es"},{"@type":["Person","Organization"],"@id":"https:\/\/javierfalco.com\/portfolio\/#\/schema\/person\/794ab5e109ff257ded53bea332fe793c","name":"adwpjf","image":{"@type":"ImageObject","inLanguage":"es","@id":"https:\/\/javierfalco.com\/portfolio\/wp-content\/uploads\/2026\/07\/Captura-de-pantalla-2026-07-17-a-las-10.03.23.jpg","url":"https:\/\/javierfalco.com\/portfolio\/wp-content\/uploads\/2026\/07\/Captura-de-pantalla-2026-07-17-a-las-10.03.23.jpg","contentUrl":"https:\/\/javierfalco.com\/portfolio\/wp-content\/uploads\/2026\/07\/Captura-de-pantalla-2026-07-17-a-las-10.03.23.jpg","width":454,"height":94,"caption":"adwpjf"},"logo":{"@id":"https:\/\/javierfalco.com\/portfolio\/wp-content\/uploads\/2026\/07\/Captura-de-pantalla-2026-07-17-a-las-10.03.23.jpg"}}]}},"_links":{"self":[{"href":"https:\/\/javierfalco.com\/portfolio\/wp-json\/wp\/v2\/pages\/7013","targetHints":{"allow":["GET"]}}],"collection":[{"href":"https:\/\/javierfalco.com\/portfolio\/wp-json\/wp\/v2\/pages"}],"about":[{"href":"https:\/\/javierfalco.com\/portfolio\/wp-json\/wp\/v2\/types\/page"}],"author":[{"embeddable":true,"href":"https:\/\/javierfalco.com\/portfolio\/wp-json\/wp\/v2\/users\/4"}],"replies":[{"embeddable":true,"href":"https:\/\/javierfalco.com\/portfolio\/wp-json\/wp\/v2\/comments?post=7013"}],"version-history":[{"count":4,"href":"https:\/\/javierfalco.com\/portfolio\/wp-json\/wp\/v2\/pages\/7013\/revisions"}],"predecessor-version":[{"id":7127,"href":"https:\/\/javierfalco.com\/portfolio\/wp-json\/wp\/v2\/pages\/7013\/revisions\/7127"}],"wp:attachment":[{"href":"https:\/\/javierfalco.com\/portfolio\/wp-json\/wp\/v2\/media?parent=7013"}],"curies":[{"name":"wp","href":"https:\/\/api.w.org\/{rel}","templated":true}]}}